{"id":120,"date":"2014-01-29T16:14:40","date_gmt":"2014-01-29T16:14:40","guid":{"rendered":"http:\/\/www.alejandroguarello.cl\/?page_id=120"},"modified":"2025-11-06T16:51:44","modified_gmt":"2025-11-06T19:51:44","slug":"obras-sinfonicas","status":"publish","type":"page","link":"https:\/\/www.alejandroguarello.cl\/?page_id=120","title":{"rendered":"Obras  Orquesta"},"content":{"rendered":"<p>6.- \u00abCantata: Ca\u00edn y Abel por los Derechos Humanos\u00bb, para Orquesta, Grupo folcl\u00f3rico, Coro y Narrador. <a href=\"https:\/\/www.youtube.com\/watch?v=wey5cGj52CE\">Audio<\/a><br \/>\nA\u00f1o de composici\u00f3n : 1978<br \/>\nEditor : Arzobispado de Santiago, 1979<br \/>\nDuraci\u00f3n : 25&#8242;<br \/>\nTexto : Esteban Gumucio, SS.CC.<br \/>\nEstreno : Santiago, Noviembre 22, 1978. Catedral de Santiago. Roberto Parada (narrador), Grupo \u00abOrtiga\u00bb, Coro y Orquesta dirigidos por Fernando Rosas.<br \/>\nObservaciones : Obra encargada por el Arzobispado de Santiago con motivo de la celebraci\u00f3n del Simposium sobre Derechos Humanos, realizado en Santiago, 1978. Se estren\u00f3 en Lyon , Francia el 6 de Junio de 1983. Alejandro Guarello (director). Adem\u00e1s, esta obra ha sido grabada y editada en Disco y Cassette por el Arzobispado de Santiago, 1979 con una versi\u00f3n dirigida por Alejandro Guarello.<\/p>\n<p>7.- \u00abVariaciones\u00bb, para Orquesta. <a href=\"https:\/\/youtu.be\/PA_X9EId3So\">Audio<\/a><br \/>\nA\u00f1o de composici\u00f3n : 1978<br \/>\nEditor : I.E.M. copia Hel.<br \/>\nDuraci\u00f3n : 9&#8242; 30&#8243;<br \/>\nEstreno : Santiago, Noviembre 28, 1979. Teatro I.E.M. Festival de M\u00fasica Chilena. Orquesta Sinf\u00f3nica De Chile. Victor Tevah (director).<br \/>\nObservaciones : Obra premiada en el XII Festival de M\u00fasica Chilena, 1979. Se conservan dos grabaciones en la Facultad de Artes, U. de Chile registradas como: M-8170 B y S-1059 A. Grabada en CD por la Orquesta Filarm\u00f3nica de Santiago, Rodolfo Fischer (director), 2002.<\/p>\n<p>14.- \u00abEvoluciones\u00bb, para Orquesta.<br \/>\nA\u00f1o de composici\u00f3n : 1980<br \/>\nEditor : Manuscrito<br \/>\nDuraci\u00f3n : 11&#8242;<\/p>\n<p>16.- \u00abSinfonietta\u00bb, para Orquesta.<br \/>\nA\u00f1o de composici\u00f3n : 1980<br \/>\nEditor : I.E.M. Copia Hel.<br \/>\nDuraci\u00f3n : 13&#8242;<br \/>\nEstreno : Frutillar, Chile, Febrero 21, 1981. Orquesta Frutillar, dirigida por Francisco Rettig.<br \/>\nObservaciones : Escrita por encargo de las \u00abSemanas Musicales de Frutillar\u00bb, 1981. Se estren\u00f3 en Quito, Ecuador por la Orquesta Sinf\u00f3nica Nacional de Ecuador bajo la direcci\u00f3n de Joachim Harder. Se estren\u00f3 en Santiago, Chile, por la Orquesta Filarm\u00f3nica del Teatro Municipal de Santiago bajo la direcci\u00f3n de Juan Pablo Izquierdo.<\/p>\n<p>17.- \u00abTranscursos\u00bb, para Violoncello y Orquesta de Cuerdas.<br \/>\nA\u00f1o de Composici\u00f3n : 1981 <a href=\"https:\/\/youtu.be\/ieGqSanKizw\">Audio<\/a><br \/>\nEditor : Instituto de M\u00fasica, U. Cat\u00f3lica de Chile. Copia Hel.<br \/>\nDuraci\u00f3n : 11&#8242; 30&#8243;<br \/>\nEstreno : Santiago, Diciembre 22, 1981. Teatro Universidad Cat\u00f3lica de Chile. Roberto Gonz\u00e1lez (violoncello), Orquesta de C\u00e1mara de la Universidad Cat\u00f3lica, Edgar Fischer (director).<br \/>\nObservaciones : Segundo Premio en el Concurso de Composici\u00f3n Musical de la Universidad Cat\u00f3lica de Chile, 1981. Grabaci\u00f3n editada en CD por DOM CD 1424, FRANCIA.<\/p>\n<p>19.- \u00abUn Golpe de Dados\u00bb, para Solistas Vocales (S.A.T.B.) y Orquesta.<br \/>\nA\u00f1o de composici\u00f3n : 1982<br \/>\nEditor : Manuscrito<br \/>\nDuraci\u00f3n : 20&#8242;<br \/>\nTexto : St\u00e9phane Mallarm\u00e9. Obra hom\u00f3nima.<br \/>\nObservaciones : Esta obra fu\u00e9 escrita como Tesis de Grado para optar al t\u00edtulo de Licenciatura en Composici\u00f3n, obteniendo la Distinci\u00f3n Un\u00e1nime de la Universidad de Chile.<\/p>\n<p>21.- \u00abExpresiones para Cuerdas, Palabras y Canto\u00bb, para Soprano y Cuerdas. <a href=\"https:\/\/youtu.be\/Fkye9s29w9U\">Audio<\/a><br \/>\nA\u00f1o de composici\u00f3n : 1983<br \/>\nEditor : Manuscrito<br \/>\nDuraci\u00f3n : 15&#8242;<br \/>\nTexto : Arthur Rimbaud. \u00abCartas Abisinias\u00bb y Godofredo Iommi. \u00abComentarios y Cadencias\u00bb.<br \/>\nEstreno : Santiago, Noviembre 3, 1983. Sala Manuel J. Irarr\u00e1zabal. Mary Ann Fones (soprano), Orquesta de C\u00e1mara de la U. Cat\u00f3lica de Chile, Alejandro Guarello (director).<br \/>\nObservaciones : En el C.E.A. se encuentra una grabaci\u00f3n del concierto de estreno.<\/p>\n<p>23.- \u00abGiro\u00bb, para Tr\u00edo y Orquesta. <a href=\"https:\/\/youtu.be\/F5OMAke3gjs\">Audio<\/a><br \/>\nA\u00f1o de composici\u00f3n : 1984<br \/>\nEditor : Manuscrito<br \/>\nDuraci\u00f3n : 18&#8242;<br \/>\nEstreno : Santiago, Diciembre 3, 4, y 5, 1985. Teatro Municipal de Santiago. Orquesta Filarm\u00f3nica y Tr\u00edo Arte bajo la direcci\u00f3n de Juan Pablo Izquierdo.<br \/>\nObservaciones : Obra comisionada por el Tr\u00edo Arte.\u00a0Editada en Cassette (# 0107) por la Corporaci\u00f3n Cultural de Santiago.<\/p>\n<p>27.- \u00abDesde el quinto sol\u00bb, para Coro, Grupo Folcl\u00f3rico, Narrador, Orquesta de Cuerdas y Percusi\u00f3n.<br \/>\nA\u00f1o de composici\u00f3n : 1985<br \/>\nEditor : Manuscrito<br \/>\nDuraci\u00f3n : 35&#8242;<br \/>\nTexto : Stephen Honeyman. Obra hom\u00f3nima.<br \/>\nEstreno : Lyon, Francia, Junio 8, 1986. Orquesta de Lyon, Chorale Populaire de Lyon, Grupo Pirca, Christian D&#8217;Aubresse (narrador), Ren\u00e9 Giovagnoli (director).<br \/>\nObservaciones : Obra comisionada por la Comunidad Dom\u00ednica. Convento Le Corbusier, La Tourette, Lyon, Francia en homenaje al Padre Bartolom\u00e9 De las Casas. <a href=\"https:\/\/www.youtube.com\/watch?v=8-XnU898uOg\">Audio<\/a><\/p>\n<p>33.- \u00abSalmo 1\u00bb, para Orquesta, Coro, Solistas y Percusi\u00f3n. <a href=\"https:\/\/youtu.be\/BtP_uRWkyGU\">Audio<\/a><br \/>\nA\u00f1o de composici\u00f3n : 1987<br \/>\nEditor : Manuscrito<br \/>\nDuraci\u00f3n : 9&#8242;<br \/>\nTexto : Salmo n\u00ba1, Beatus Vir.<br \/>\nEstreno : Santiago, Junio 10, 1988. Catedral de Santiago. Orquesta y Coro de la Universidad Cat\u00f3lica, Ver\u00f3nica Soro (soprano), Juan Gutierrez (bajo), Ricardo Kistler (director).<br \/>\nObservaciones : Obra comisionada por la Pontificia Universidad Cat\u00f3lica de Chile con motivo de su Centenario 1888-1988.<\/p>\n<p>34.- \u00abIntrelacci\u00f3n\u00bb, para Orquesta. <a href=\"https:\/\/youtu.be\/mD0VnDQ_TrY\">Audio<\/a><br \/>\nA\u00f1o de composici\u00f3n : 1988<br \/>\nEditor : Manuscrito<br \/>\nDuraci\u00f3n : 16&#8242;<br \/>\nEstreno : Santiago, Agosto 4, 5, 6,1988. Teatro Municipal de Santiago. Orquesta Filarm\u00f3nica de Santiago, Roberto Abbado (director).<br \/>\nObservaciones : Obra comisionada por la Corporaci\u00f3n Cultural de Santiago, Teatro Municipal. Grabada en CD por la Orquesta Filarm\u00f3nica de Santiago Roberto Abbado (director), 2002.<\/p>\n<p>38.- \u00abIm\u00f3buse\u00bb para Orquesta<br \/>\nA\u00f1o de composici\u00f3n : 1990<br \/>\nEditor : Manuscrito<br \/>\nDuraci\u00f3n : 13&#8242;<br \/>\nEstreno : Santiago de Chile, Noviembre 24, 26, 27 y 28, 1990. Teatro Municipal de Santiago. Orquesta Filarm\u00f3nica de Santiago, Max Vald\u00e9s (Director).<br \/>\nObservaciones : Obra comisionada por la Corporaci\u00f3n Cultural de Santiago, Teatro Municipal.<\/p>\n<p>46.- \u00abCorda\u00bb Concierto para Viol\u00edn y Orquesta <a href=\"https:\/\/youtu.be\/uMYLK1QGhJw\">Audio<\/a><\/p>\n<p>A\u00f1o de composici\u00f3n : 1994<br \/>\nEditor : Manuscrito<br \/>\nDuraci\u00f3n : 17&#8242;<br \/>\nEstreno : Santiago de Chile, Agosto 6 y 7, 2004. Teatro Universidad de Chile, Providencia.Orquesta Sinf\u00f3nica de Chile. David N\u00fa\u00f1ez (viol\u00edn), Rodolfo Fischer (direcci\u00f3n).<br \/>\nObservaciones : Obra realizada como proyecto de creaci\u00f3n convocado por la Fundaci\u00f3n Andes.<\/p>\n<p>47.- \u00abCroma\u00bb para Orquesta de Cuerdas<\/p>\n<p>A\u00f1o de composici\u00f3n : 1995<br \/>\nEditor : Copia Finale<br \/>\nDuraci\u00f3n : 11&#8242;<br \/>\nEstreno : Santiago de Chile, Octubre 9, 1995. San Vicente Ferrer, Las Condes.Orquesta de C\u00e1mara Chile. Alejandro Guarello (direcci\u00f3n).<br \/>\nObservaciones : Obra realizada como proyecto de creaci\u00f3n convocado por el DIUC (Direcci\u00f3n de Investigaci\u00f3n de la Universidad Cat\u00f3lica de Chile).<\/p>\n<p>59.- \u00abDromo\u00bb para Orquesta de Cuerdas <a href=\"https:\/\/www.alejandroguarello.cl\/wp-content\/uploads\/2014\/02\/Dromo-cd.mp3\">Audio<\/a><br \/>\nA\u00f1o de composici\u00f3n : 2004<br \/>\nEditor : Copia Finale<br \/>\nDuraci\u00f3n : 12&#8242;<br \/>\nEstreno : Santiago de Chile, Septiembre 29 y octubre 1, 2004 Orquesta Moderna, Luis Jos\u00e9 Recart, director. Sala Matucana 100 y Sala Escuela Moderna, VI Temporada Oficial 2004<br \/>\nObservaciones : Obra encargada por la Orquesta Moderna y financiada por el Consejo Nacional de la Cultura y las Artes, FONDART 2004<\/p>\n<p>66.- \u00abIn Christe Lumine\u00bb para doble Coro y Orquesta <a href=\"https:\/\/youtu.be\/qCbHu9Ds8ag\">Audio<\/a><br \/>\nA\u00f1o de composici\u00f3n : 2008<br \/>\nEditor : Copia Finale<br \/>\nDuraci\u00f3n : 19\u2019<br \/>\nEstreno : Santiago de Chile, mayo 29, 2008 Coro de C\u00e1mara UC, Coro de Estudiantes UC y Orquesta Nacional Juvenil, Jos\u00e9 Luis Dom\u00ednguez, Director. Sal\u00f3n Fresno, Centro de Extensi\u00f3n de la Pontificia Universidad Cat\u00f3lica de Chile.<br \/>\nObservaciones : Obra escrita para celebrar los 120 a\u00f1os de la fundaci\u00f3n de la Pontificia Universidad Cat\u00f3lica de Chile.<\/p>\n<p>71.- \u00abTasto\u00bb para Piano y orquesta sinf\u00f3nica<br \/>\nA\u00f1o de composici\u00f3n : 2011-12<br \/>\nEditor : Copia Finale<br \/>\nDuraci\u00f3n : 19\u2019<br \/>\nEstreno :<br \/>\nObservaciones : Obra financiada por la Vicerrector\u00eda de Investigaci\u00f3n de la Pontificia Universidad Cat\u00f3lica de Chile. 2010<br \/>\n[whohit]-Obras Orquesta-[\/whohit]<\/p>\n<p>74.- \u00abEl-la\u00bb<br \/>\nA\u00f1o de composici\u00f3n : 2016<br \/>\nEditor : Copia Finale<br \/>\nDuraci\u00f3n : 6\u2019<br \/>\nObservaciones : Obra financiada por el Consejo Nacional de la Cultura y las Artes, Fondo para el Fomento de la M\u00fasica Nacional 2016<br \/>\n[whohit]-Obras-[\/whohit]<\/p>\n<p>75.- \u00abHappy Bird&#8217;s Day\u00bb <a href=\"https:\/\/www.youtube.com\/watch?v=xEFYYyX0rC8\">video<\/a><br \/>\nA\u00f1o de composici\u00f3n : 2017<br \/>\nEditor : Copia Finale<br \/>\nDuraci\u00f3n : 10\u2019<br \/>\nEstreno : 09 de agosto de 2017 en Aula Universidad de los Andes, Santiago de Chile<br \/>\nObservaciones : Obra comisionada por la Camerata Universidad de Los Andes<\/p>\n<p>78.- \u00abS\u00e1tropa\u00bb para\u00a0 Orquesta<br \/>\nA\u00f1o de composici\u00f3n : 2019<br \/>\nEditor : Copia Finale<br \/>\nDuraci\u00f3n : 12\u2019<br \/>\nEstreno : 29 de octubre de 2022 Orquesta Sinf\u00f3nica La Serena. Natalia Salinas, Directora.<br \/>\nObservaciones : Segundo Premio Luis Advis del Fondo de Fomento a la M\u00fasica Nacional 2022.<\/p>\n<p>79.- \u00abRicorda\u00bb\u00a0 para Viol\u00edn y Orquesta\u00bb<br \/>\nA\u00f1o de composici\u00f3n : 2019<br \/>\nEditor : Copia Finale<br \/>\nDuraci\u00f3n : 10\u2019<br \/>\nEstreno : 9, 10, 11 y 12 de octubre de 2024 Orquesta de C\u00e1mara de Chile St\u00e9phanie Praduroux, Directora.<br \/>\nObservaciones : Obra comisionada por la Orquesta de C\u00e1mara de Chile y escrita especialmente para el violinista Isidro Rodr\u00edguez<\/p>\n<p>80.- \u00abGalvanizado\u00bb para Bajo el\u00e9ctrico y Orquesta <a href=\"https:\/\/youtu.be\/0IYXyQYNovM\">Audio<\/a><br \/>\nA\u00f1o de composici\u00f3n : 2021<br \/>\nEditor : Copia Finale<br \/>\nDuraci\u00f3n : 10\u2019<br \/>\nEstreno : 27 de noviembre de 2021 Cristi\u00e1n G\u00e1lvez, bajo el\u00e9ctrico. Orquesta Sinf\u00f3nica La Serena. Montaje on line La Serena, Chile<br \/>\nObservaciones : Obra ganadora segundo premio, Premio Luis Advis del Fondo de Fomento a la M\u00fasica Nacional 2021.<\/p>\n<p>81.- \u00abChaski\u00bb para Percusi\u00f3n (Marimba-Vibr\u00e1fono) y orquesta sinf\u00f3nica<br \/>\nA\u00f1o de composici\u00f3n : 2024<br \/>\nEditor : Copia Finale<br \/>\nDuraci\u00f3n : 10\u2019<br \/>\nEstreno :<br \/>\nObservaciones :<\/p>\n<p>[whohit]-Obras-[\/whohit]<\/p>\n","protected":false},"excerpt":{"rendered":"<p>6.- \u00abCantata: Ca\u00edn y Abel por los Derechos Humanos\u00bb, para Orquesta, Grupo folcl\u00f3rico, Coro y Narrador. Audio A\u00f1o de composici\u00f3n : 1978 Editor : Arzobispado de Santiago, 1979 Duraci\u00f3n :&hellip; <\/p>\n","protected":false},"author":2,"featured_media":0,"parent":510,"menu_order":1,"comment_status":"closed","ping_status":"closed","template":"","meta":{"footnotes":""},"_links":{"self":[{"href":"https:\/\/www.alejandroguarello.cl\/index.php?rest_route=\/wp\/v2\/pages\/120"}],"collection":[{"href":"https:\/\/www.alejandroguarello.cl\/index.php?rest_route=\/wp\/v2\/pages"}],"about":[{"href":"https:\/\/www.alejandroguarello.cl\/index.php?rest_route=\/wp\/v2\/types\/page"}],"author":[{"embeddable":true,"href":"https:\/\/www.alejandroguarello.cl\/index.php?rest_route=\/wp\/v2\/users\/2"}],"replies":[{"embeddable":true,"href":"https:\/\/www.alejandroguarello.cl\/index.php?rest_route=%2Fwp%2Fv2%2Fcomments&post=120"}],"version-history":[{"count":36,"href":"https:\/\/www.alejandroguarello.cl\/index.php?rest_route=\/wp\/v2\/pages\/120\/revisions"}],"predecessor-version":[{"id":973,"href":"https:\/\/www.alejandroguarello.cl\/index.php?rest_route=\/wp\/v2\/pages\/120\/revisions\/973"}],"up":[{"embeddable":true,"href":"https:\/\/www.alejandroguarello.cl\/index.php?rest_route=\/wp\/v2\/pages\/510"}],"wp:attachment":[{"href":"https:\/\/www.alejandroguarello.cl\/index.php?rest_route=%2Fwp%2Fv2%2Fmedia&parent=120"}],"curies":[{"name":"wp","href":"https:\/\/api.w.org\/{rel}","templated":true}]}}